{"id":40,"date":"2020-05-30T14:03:09","date_gmt":"2020-05-30T14:03:09","guid":{"rendered":"http:\/\/dppd-test.valahia.ro\/?page_id=40"},"modified":"2020-07-28T07:34:16","modified_gmt":"2020-07-28T07:34:16","slug":"program-de-formare-continua","status":"publish","type":"page","link":"https:\/\/dppd.valahia.ro\/?page_id=40","title":{"rendered":"Programe de formare continu\u0103"},"content":{"rendered":"<div class=\"su-box su-box-style-default\" id=\"\" style=\"border-color:#236172;border-radius:20px;max-width:none\"><div class=\"su-box-title\" style=\"background-color:#5694a5;color:#FFFFFF;border-top-left-radius:18px;border-top-right-radius:18px\"><\/div><div class=\"su-box-content su-u-clearfix su-u-trim\" style=\"border-bottom-left-radius:18px;border-bottom-right-radius:18px\">\n<p><strong>Programele de formare continu\u0103 <\/strong>dezvoltate \u00een cadrul D.P.P.D., \u00een perioada 2015 \u20132019, ofer\u0103 cadrul necesar pentru dezvoltarea profesional\u0103 a personalului didactic din \u00eenv\u0103\u0163\u0103m\u00e2ntul preuniversitar \u015fi, implicit, pentru asigurarea calit\u0103\u0163ii educa\u0163iei. Prin intermediul diciplinelor de studiu incluse \u00een programele de formare continu\u0103, cursan\u0163ii au posibilitatea s\u0103 \u00ee\u015fi actualizeze \u015fi s\u0103 \u00ee\u015fi completeze informa\u0163iile, \u00een acord cu dezvolt\u0103rile recente din domeniul \u015ftiin\u0163elor educa\u0163iei \u015fi din alte domenii \u015ftiin\u0163ifice \u015fi s\u0103 \u00ee\u015fi formeze competen\u0163e specifice care s\u0103 le permit\u0103 gestionarea eficient\u0103 a resurselor educa\u0163ionale, rela\u0163ionarea optim\u0103 cu elevii, p\u0103rin\u0163ii acestora, comunitatea local\u0103 etc., precum \u015fi derularea unor demersuri didactice care s\u0103 asigure \u015fanse egale de participare la educa\u0163ie \u015fi de success \u015fcolar tuturor educabililor.<\/p>\n<p><strong><em>Obiectivele programelor de formare continu\u0103<\/em><\/strong>, proiectate \u015fi derulate de c\u0103tre D.P.P.D.,<\/p>\n<p>deriv\u0103 din politicile \u015fi strategiile na\u0163ionale de dezvoltare a \u00eenv\u0103\u0163\u0103m\u00e2ntului \u015fi din standardele<\/p>\n<p>form\u0103rii continue a cadrelor didactice, care vizeaz\u0103:<\/p>\n<p>&#8211; profesionalizarea carierei didactice \u00een Rom\u00e2nia;<\/p>\n<p>&#8211; redimensionarea raportului dintre componenta teoretic\u0103 \u015fi cea practic\u0103 a curriculum-ului de preg\u0103tire a cadrelor didactice;<\/p>\n<p>&#8211; dezvoltarea unei pie\u0163e educa\u0163ionale a programelor de formare continu\u0103, bazat\u0103 pe un sistem concuren\u0163ial, prin intermediul c\u0103ruia cadrele didactice vor beneficia de o ofert\u0103 diversificat\u0103 din partea furnizorilor de programe de formare continu\u0103;<\/p>\n<p>&#8211; corelarea evolu\u0163iei carierei didactice cu standardele educa\u0163ionale \u015fi asigurarea unei dinamici profesionale prin utlizarea de credite transferabile.<\/p>\n<p>Prin strategiile de formare utilizate, prin modalit\u0103\u0163ile concrete de realizare a activit\u0103\u0163ilor<\/p>\n<p>teoretice \u015fi aplicative, programele de formare continu\u0103 \u00ee\u015fi propun:<\/p>\n<p>&#8211; identificarea nevoilor de formare \u015fi adaptarea strategiei programului la aceste nevoi;<\/p>\n<p>&#8211; facilitarea dezvolt\u0103rii personale \u015fi profesionale;<\/p>\n<p>&#8211; ameliorarea activit\u0103\u0163ii didactice \u015fi sus\u0163inerea personalului didactic aflat \u00een dificultate;<\/p>\n<p>&#8211; crearea unui climat de \u00eencredere, de motivare, de implicare;<\/p>\n<p>&#8211; autocunoa\u015fterea \u015fi con\u015ftientizarea competen\u0163elor profesionale;<\/p>\n<p>&#8211; stimularea \u015fi \u00eent\u0103rirea performan\u0163ei;<\/p>\n<p>&#8211; promovarea interactivit\u0103\u0163ii, a lucrului \u00een echip\u0103, a schimbului de experien\u0163\u0103 etc..<\/p>\n<p>\u00cen perioada 2015-2019 \u00een cadrul D.P.P.D. s-au elaborat \u015fi s-au derulat urm\u0103toarele programe de formare continu\u0103:<\/p>\n<ol>\n<li><strong> Program de formare continu\u0103 a personalului din \u00eenv\u0103\u0163\u0103m\u00e2ntul preuniversitar<\/strong><\/li>\n<\/ol>\n<p><strong><em>Abord\u0103ri moderne \u00een didactica matematicii \u015fi \u015ftiin\u0163ele naturii, <\/em><\/strong>realizat \u00een cadrul Proiectului<\/p>\n<p><strong>&#8220;RE\u0162EA DE FORMARE CONTINU\u0102 A CADRELOR DIDACTICE PENTRU A<\/strong><\/p>\n<p><strong>UTILIZA MULTIMEDIA, INSTRUMENTA\u0162IA VIRTUAL\u0102 \u015eI WEB 2.0 IN ARIA<\/strong><\/p>\n<p><strong>CURRICULAR\u0102 MATEMATIC\u0102 \u015eI \u015eTIIN\u0162E ALE NATURII&#8221; (num\u0103r de identificare<\/strong><\/p>\n<p><strong>al contractului de finan\u0163are : POSDRU\/157\/1.3\/S\/141587 &#8211; PROWEB (acreditat prin OMEN 4859\/4.11.2014)<\/strong><\/p>\n<ol start=\"2\">\n<li><strong> Program de formare continu\u0103 a personalului din \u00eenv\u0103\u0163\u0103m\u00e2ntul preuniversitar <em>EEduca\u0163ie<\/em><\/strong><\/li>\n<\/ol>\n<p><strong><em>\u00een cadrul ariei curriculare Matematic\u0103 \u015fi \u015etiin\u0163e ale naturii, <\/em><\/strong>realizat \u00een cadrul<\/p>\n<p>proiectului &#8220;<strong>RE\u0162EA DE FORMARE CONTINU\u0102 A CADRELOR DIDACTICE<\/strong><\/p>\n<p><strong>PENTRU A UTILIZA MULTIMEDIA, INSTRUMENTA\u0162IA VIRTUAL\u0102 \u015eI WEB 2.0<\/strong><\/p>\n<p><strong>IN ARIA CURRICULAR\u0102 MATEMATIC\u0102 \u015eI \u015eTIIN\u0162E ALE NATURII&#8221; (num\u0103r de<\/strong><\/p>\n<p><strong>identificare al contractului de finan\u0163are : POSDRU\/157\/1.3\/S\/141587 \u2013 PROWEB (acreditat prin OMEN 4859\/4.11.2014)<\/strong><\/p>\n<ol start=\"3\">\n<li><strong>Program de formare continu\u0103 a personalului din \u00eenv\u0103\u0163\u0103m\u00e2ntul preuniversitar<\/strong><\/li>\n<\/ol>\n<p><strong><em>Abord\u0103ri moderne \u00een Educa\u0163ia pentru S\u0103n\u0103tate <\/em><\/strong><strong>(acreditat prin O.M.E.N.C.\u015e. nr. 5990\/16.12.2015) <\/strong>Acest program de formare s-a derulat \u00een cadrul proiectului Erasmus+,<\/p>\n<p>Ac\u0163iunea cheie 2 &#8211; Parteneriate Strategice: \u201c<em>Let\u2019s make it better! Raising the awareness of the<\/em><\/p>\n<p><em>triad nutrition-health-food safety in school education<\/em>\u201d.<\/p>\n<p>De asemenea, anual cadrele didactice din structura D.P.P.D, \u00eempreun\u0103 cu colaboratorii<\/p>\n<p>din facult\u0103\u0163i, de regul\u0103, titulari ai disciplinelor Didactica specializ\u0103rii \u015fi\/sau Practica<\/p>\n<p>pedagogic\u0103 desf\u0103\u015foar\u0103 <strong>activit\u0103\u0163i de preg\u0103tire pentru cadrele didactice \u00eenscrise la examenele<\/strong><\/p>\n<p><strong>pentru ob\u0163inerea gradului didactic I si II \u00een \u00eenv\u0103\u021b\u0103m\u00e2nt.<\/strong><\/p>\n<\/div><\/div>\n<p><span style=\"display: inline !important; float: none; background-color: #ffffff; color: #333333; cursor: text; font-family: Georgia,'Times New Roman','Bitstream Charter',Times,serif; font-size: 16px; font-style: normal; font-variant: normal; font-weight: 400; letter-spacing: normal; orphans: 2; text-align: left; text-decoration: none; text-indent: 0px; text-transform: none; -webkit-text-stroke-width: 0px; white-space: normal; word-spacing: 0px;\"><div class=\"su-box su-box-style-default\" id=\"\" style=\"border-color:#236172;border-radius:20px;max-width:none\"><div class=\"su-box-title\" style=\"background-color:#5694a5;color:#FFFFFF;border-top-left-radius:18px;border-top-right-radius:18px\"><\/div><div class=\"su-box-content su-u-clearfix su-u-trim\" style=\"border-bottom-left-radius:18px;border-bottom-right-radius:18px\"><\/span><\/p>\n<p style=\"text-align: center;\"><span style=\"color: #000080;\"><strong><a style=\"color: #000080;\" href=\"http:\/\/dppd.valahia.ro\/wp-content\/uploads\/2020\/07\/Anexa-C.1.1.1-03-Lista-specializarilor-pentru-care-UVT-are-atributii-de-perfectionare.pdf\">\u00a0Lista specializarilor pentru care UVT are atributii de perfectionare<\/a><\/strong><\/span><\/p>\n<p><span style=\"display: inline !important; float: none; background-color: #ffffff; color: #333333; cursor: text; font-family: Georgia,'Times New Roman','Bitstream Charter',Times,serif; font-size: 16px; font-style: normal; font-variant: normal; font-weight: 400; letter-spacing: normal; orphans: 2; text-align: left; text-decoration: none; text-indent: 0px; text-transform: none; -webkit-text-stroke-width: 0px; white-space: normal; word-spacing: 0px;\"><\/div><\/div><\/span><\/p>\n","protected":false},"excerpt":{"rendered":"","protected":false},"author":2,"featured_media":0,"parent":0,"menu_order":0,"comment_status":"closed","ping_status":"closed","template":"","meta":{"footnotes":""},"class_list":["post-40","page","type-page","status-publish","hentry"],"_links":{"self":[{"href":"https:\/\/dppd.valahia.ro\/index.php?rest_route=\/wp\/v2\/pages\/40","targetHints":{"allow":["GET"]}}],"collection":[{"href":"https:\/\/dppd.valahia.ro\/index.php?rest_route=\/wp\/v2\/pages"}],"about":[{"href":"https:\/\/dppd.valahia.ro\/index.php?rest_route=\/wp\/v2\/types\/page"}],"author":[{"embeddable":true,"href":"https:\/\/dppd.valahia.ro\/index.php?rest_route=\/wp\/v2\/users\/2"}],"replies":[{"embeddable":true,"href":"https:\/\/dppd.valahia.ro\/index.php?rest_route=%2Fwp%2Fv2%2Fcomments&post=40"}],"version-history":[{"count":17,"href":"https:\/\/dppd.valahia.ro\/index.php?rest_route=\/wp\/v2\/pages\/40\/revisions"}],"predecessor-version":[{"id":810,"href":"https:\/\/dppd.valahia.ro\/index.php?rest_route=\/wp\/v2\/pages\/40\/revisions\/810"}],"wp:attachment":[{"href":"https:\/\/dppd.valahia.ro\/index.php?rest_route=%2Fwp%2Fv2%2Fmedia&parent=40"}],"curies":[{"name":"wp","href":"https:\/\/api.w.org\/{rel}","templated":true}]}}